{"id":373,"date":"2019-09-20T19:47:05","date_gmt":"2019-09-20T17:47:05","guid":{"rendered":"http:\/\/www.afapdg.cat\/wordpress\/?page_id=373"},"modified":"2025-06-27T19:46:30","modified_gmt":"2025-06-27T17:46:30","slug":"extraescolars","status":"publish","type":"page","link":"http:\/\/www.afateresapamies.cat\/wordpress\/activitats-extraescolars\/extraescolars\/","title":{"rendered":"Extraescolars curs 25-26"},"content":{"rendered":"\n<h2 class=\"wp-block-heading has-text-align-center\"><mark style=\"background-color:rgba(0, 0, 0, 0);color:#9a0707\" class=\"has-inline-color\">EXTRAESCOLARS<br>TERESA P\u00c0MIES &#8211; MONTSERRAT ROIG &#8211; LA SEDETA<\/mark><\/h2>\n\n\n\n<p><\/p>\n\n\n\n<p>Les AFA dels Instituts <strong>Teresa P\u00e0mies, Montserrat Roig <\/strong>i <strong>La Sedeta <\/strong>oferim de forma conjunta les activitats extraescolars de l&#8217;any vinent. Aquestes activitats es realitzaran als tres instituts i tamb\u00e9 fora (mireu cadascuna d&#8217;elles).&nbsp;<\/p>\n\n\n\n<p>Hem decidit fusionar la gesti\u00f3 per aconseguir que les nostres activitats arribin a m\u00e9s gent i disposar d&#8217;una gamma m\u00e9s amplia d&#8217;espais. Cada curs contactem amb diverses entitats especialitzades en activitats extraescolars i, enguany, hem aconseguit l&#8217;oferta que us presentem a continuaci\u00f3.&nbsp;<\/p>\n\n\n\n<p>-Per poder oferir l&#8217;activitat cal un m\u00ednim d&#8217;inscrits que varia segons l&#8217;activitat.&nbsp;<\/p>\n\n\n\n<p>-Per raons alienes a la nostra voluntat, poden sorgir canvis d&#8217;\u00faltima hora en alguns dels horaris i dies proposats.<\/p>\n\n\n\n<p class=\"has-text-align-center\"><strong><em>GRAELLA D&#8217;ACTIVITATS EXTRAESCOLARS<\/em><\/strong> <strong><em>25-26<\/em><\/strong><\/p>\n\n\n\n<div data-wp-interactive=\"core\/file\" class=\"wp-block-file\"><object data-wp-bind--hidden=\"!state.hasPdfPreview\" hidden class=\"wp-block-file__embed\" data=\"http:\/\/www.afateresapamies.cat\/wordpress\/wp-content\/uploads\/2025\/06\/EXTRAESCOLARS-PSR.25-26-2.pdf\" type=\"application\/pdf\" style=\"width:100%;height:300px\" aria-label=\"Incrustaci\u00f3 del fitxer EXTRAESCOLARS PSR.25-26 (2).\"><\/object><a id=\"wp-block-file--media-bbde8d26-3b6a-4f45-b83f-5b9c6227d34a\" href=\"http:\/\/www.afateresapamies.cat\/wordpress\/wp-content\/uploads\/2025\/06\/EXTRAESCOLARS-PSR.25-26-2.pdf\">EXTRAESCOLARS PSR.25-26 (2)<\/a><a href=\"http:\/\/www.afateresapamies.cat\/wordpress\/wp-content\/uploads\/2025\/06\/EXTRAESCOLARS-PSR.25-26-2.pdf\" class=\"wp-block-file__button wp-element-button\" download aria-describedby=\"wp-block-file--media-bbde8d26-3b6a-4f45-b83f-5b9c6227d34a\">Baixa<\/a><\/div>\n\n\n\n<p><strong>LINKS INSCRIPCIONS<\/strong><\/p>\n\n\n\n<p><strong>MATRICULA PER LES EXTRAESCOLARS:<\/strong> <strong>Gratu\u00efta<\/strong> pels membres de l\u2019Afa dels Instituts Teresa P\u00e0mies, Montserrat Roig o La Sedeta.<\/p>\n\n\n\n<p><strong><span style=\"color:#df1e24\" class=\"has-inline-color\">AJUTS I BEQUES<\/span><\/strong>: <\/p>\n\n\n\n<p>Aquelles entitats organitzadores d\u2019activitats esportives fora d\u2019horari escolar homologades accedeixen al sistema de subvencions per a les fam\u00edlies per a la participaci\u00f3 de nens\/es i joves entre 6 i 17 anys en la seva oferta d\u2019 activitats esportives fora d\u2019horari lectiu.<\/p>\n\n\n\n<p>L\u2019objectiu \u00e9s facilitar l\u2019acc\u00e9s i\/o abaratir les despeses dels nens\/es i joves que pertanyen a fam\u00edlies amb rendes baixes a la pr\u00e0ctica d\u2019activitats f\u00edsiques i esportives en horari extraescolar. Informaci\u00f3 per a les fam\u00edlies que vulguin acollir-se al sistema d\u2019ajuts<\/p>\n\n\n\n<p>De l&#8217;Insitut ja us hem fet arribar els enlla\u00e7os directes per a les beques. Igualment, ja podeu tramitar la subvenci\u00f3 visitant la p\u00e0gina de l&#8217;Ajuntament: <a href=\"https:\/\/www.plaesportescolarbcn.cat\/ca\/subvencions-efhe_302069\" target=\"_blank\" rel=\"noreferrer noopener\">https:\/\/www.plaesportescolarbcn.cat\/ca\/subvencions-efhe_302069<\/a><\/p>\n\n\n\n<p>Les activitats extraescolars proposades per l&#8217;Afa de l&#8217;Institut i de les quals podeu demanar beca s\u00f3n: les esportives gestionades per CET10, Teatre i Scratch.<\/p>\n\n\n\n<h2 class=\"wp-block-heading has-text-align-left\"><strong>INFORMACI\u00d3 PROVE\u00cfDORS EXTRAESCOLARS:<\/strong> <\/h2>\n\n\n\n<p><strong>ROB\u00d2TICA &#8211; SCRATCH:<\/strong> Dinamitzada per Scratch Barcelona <br><a href=\"https:\/\/scratch.barcelona\/presentacio-curs-extraescolar-steam-2023-24-scratch-barcelona\/\">Document informatiu<\/a><br><em><mark style=\"background-color:rgba(0, 0, 0, 0);color:#ed1407\" class=\"has-inline-color\">Link per inscripcions: <\/mark><\/em> <a href=\"https:\/\/forms.gle\/mW2hNqbW6YgCpCgEA\">https:\/\/forms.gle\/mW2hNqbW6YgCpCgEA<\/a><\/p>\n\n\n\n<p>M\u00e9s informaci\u00f3: <a href=\"https:\/\/scratch.barcelona\/presentacio-curs-extraescolar-steam-scratch-barcelona\/\">https:\/\/scratch.barcelona\/presentacio-curs-extraescolar-steam-scratch-barcelona\/<\/a><\/p>\n\n\n\n<p><strong>TEATRE<\/strong> <\/p>\n\n\n\n<p>Link per inscripcions: <a href=\"https:\/\/www.esceni-k.com\/inscripcionsteatre\">https:\/\/www.esceni-k.com\/inscripcionsteatre<\/a><\/p>\n\n\n\n<figure class=\"wp-block-image size-large is-resized\"><img loading=\"lazy\" decoding=\"async\" width=\"724\" height=\"1024\" src=\"http:\/\/www.afateresapamies.cat\/wordpress\/wp-content\/uploads\/2024\/07\/TEATRE-24-25-724x1024.jpeg\" alt=\"\" class=\"wp-image-941\" style=\"width:414px;height:auto\" srcset=\"http:\/\/www.afateresapamies.cat\/wordpress\/wp-content\/uploads\/2024\/07\/TEATRE-24-25-724x1024.jpeg 724w, http:\/\/www.afateresapamies.cat\/wordpress\/wp-content\/uploads\/2024\/07\/TEATRE-24-25-212x300.jpeg 212w, http:\/\/www.afateresapamies.cat\/wordpress\/wp-content\/uploads\/2024\/07\/TEATRE-24-25-768x1086.jpeg 768w, http:\/\/www.afateresapamies.cat\/wordpress\/wp-content\/uploads\/2024\/07\/TEATRE-24-25-1086x1536.jpeg 1086w, http:\/\/www.afateresapamies.cat\/wordpress\/wp-content\/uploads\/2024\/07\/TEATRE-24-25-624x883.jpeg 624w, http:\/\/www.afateresapamies.cat\/wordpress\/wp-content\/uploads\/2024\/07\/TEATRE-24-25.jpeg 1131w\" sizes=\"auto, (max-width: 724px) 100vw, 724px\" \/><\/figure>\n\n\n\n<p><strong>B\u00c0DMINTON&nbsp;<\/strong><\/p>\n\n\n\n<p>Dinamitza: BADMINTON CLUB BADMINTON BELLATERRA <\/p>\n\n\n\n<p>Enlla\u00e7 inscripcions: <a href=\"https:\/\/docs.google.com\/forms\/d\/e\/1FAIpQLScuJuksIbgz2xd9AjTSo9FzfHOsA6JvSsEaYbRY-4VtyRQp8g\/viewform?usp=sharing&amp;ouid=105726278385970004913\">https:\/\/docs.google.com\/forms\/d\/e\/1FAIpQLScuJuksIbgz2xd9AjTSo9FzfHOsA6JvSsEaYbRY-4VtyRQp8g\/viewform?usp=sharing&amp;ouid=105726278385970004913<\/a><\/p>\n\n\n\n<p>Cal omplir FORMULARI i enviar per mail amb REF. BADMINTON PSR<\/p>\n\n\n\n<p><\/p>\n\n\n\n<p><strong>MY LANGUAGE COACH: Angl\u00e8s de 1r a 4t d&#8217;ESO Novetat d&#8217;enguany. <\/strong><\/p>\n\n\n\n<p>Document Informatiu:<\/p>\n\n\n\n<div data-wp-interactive=\"core\/file\" class=\"wp-block-file\"><object data-wp-bind--hidden=\"!state.hasPdfPreview\" hidden class=\"wp-block-file__embed\" data=\"http:\/\/www.afateresapamies.cat\/wordpress\/wp-content\/uploads\/2025\/06\/MLC-Portfolio-Extraescolares-2025-2026-.pdf\" type=\"application\/pdf\" style=\"width:100%;height:610px\" aria-label=\"Incrustaci\u00f3 del fitxer MLC Portfolio Extraescolares 2025-2026.\"><\/object><a id=\"wp-block-file--media-98dc10f7-8812-4cde-80d2-e2ec457f7486\" href=\"http:\/\/www.afateresapamies.cat\/wordpress\/wp-content\/uploads\/2025\/06\/MLC-Portfolio-Extraescolares-2025-2026-.pdf\">MLC Portfolio Extraescolares 2025-2026<\/a><a href=\"http:\/\/www.afateresapamies.cat\/wordpress\/wp-content\/uploads\/2025\/06\/MLC-Portfolio-Extraescolares-2025-2026-.pdf\" class=\"wp-block-file__button wp-element-button\" download aria-describedby=\"wp-block-file--media-98dc10f7-8812-4cde-80d2-e2ec457f7486\">Baixa<\/a><\/div>\n\n\n\n<p><br>M\u00e9s informaci\u00f3: <a href=\"http:\/\/www.mylanguagecoach.net\/\">www.mylanguagecoach.net<\/a><em>\u00a0<\/em> <br><strong>Link per inscripci\u00f3:<\/strong> <a href=\"https:\/\/forms.gle\/yQAawDSQKQG1zHJy7\">https:\/\/forms.gle\/yQAawDSQKQG1zHJy7<\/a><\/p>\n\n\n\n<p><\/p>\n\n\n\n<p><strong>EOI nom\u00e9s per Batxillerat ( informaci\u00f3 del curs 24-25 pendent d&#8217;actualitzar):&nbsp;<\/strong><br><a href=\"http:\/\/www.afateresapamies.cat\/wordpress\/wp-content\/uploads\/2023\/09\/PACK-DOCUMENTACIO-MATRICULA-EOI-curs-23-24-1.pdf\" data-type=\"link\" data-id=\"http:\/\/www.afateresapamies.cat\/wordpress\/wp-content\/uploads\/2023\/09\/PACK-DOCUMENTACIO-MATRICULA-EOI-curs-23-24-1.pdf\">Document informatiu<\/a><br><a href=\"http:\/\/www.afateresapamies.cat\/wordpress\/wp-content\/uploads\/2023\/09\/FORMULARI-SOL\u00b7LICITUD-preinscripcio-curs-EOI-HIVERN-23-24.xlsx\">Formulari inscripci\u00f3<\/a><br>Inscripcions, contactar amb:&nbsp;Christina (MR) i Anna (P\u00e0mies) 666526596<br>e-mail: <a href=\"mailto:extrasecundaria@gmail.com\">extrasecundaria@gmail.com<\/a> | e-mail: <a href=\"mailto:info@afateresapamies.cat\">info@afateresapamies.cat<\/a><\/p>\n\n\n\n<p>Link inscripci\u00f3: <a href=\"https:\/\/eoibcnvh.cat\/\">https:\/\/eoibcnvh.cat\/<\/a> demanar cita al web EOI VH i portar documentaci\u00f3 a la secretaria de l&#8217;EOI Vall d&#8217;Hebron, per formalitzar matr\u00edcula al periode establert<\/p>\n\n\n\n<p><strong>CLAROR (Nataci\u00f3)<\/strong>:<br>Inscripcions presencials al Claror Sardenya. Contactar amb: <strong>Manel Mor\u00e9<\/strong> (Comit\u00e8 d&#8217;Experts Grups Claror i Responsable de l&#8217;\u00c0rea Aqu\u00e0tica Claror Sardenya)<br>Sardenya, 333 | 08025 Barcelona | Tel. 93 476 13 90<br>e-mail: <a href=\"mailto:mmore@claror.cat\">mmore@claror.cat<\/a> | <a href=\"mailto:sardenya@claror.cat\">sardenya@claror.cat<\/a><br><a href=\"https:\/\/www.claror.cat\/sardenya\">https:\/\/www.claror.cat\/sardenya<\/a><\/p>\n\n\n\n<p><strong>EXTRAESCOLARS ESPORTIVES: <strong>CET10<\/strong>&nbsp;<\/strong><\/p>\n\n\n\n<p><em><mark style=\"background-color:rgba(0, 0, 0, 0);color:#ed1407\" class=\"has-inline-color\">Link per inscripcions<\/mark><\/em> i contacte: Francesc Alemany: falemany@cet10.com <br>&#8211; Futbol Sala, Voleibol, Danses Urbanes, Parkour i B\u00e0squet (Novetat).<\/p>\n\n\n\n<p>Us deixem un pdf amb tota la informaci\u00f3:<\/p>\n\n\n\n<div data-wp-interactive=\"core\/file\" class=\"wp-block-file\"><object data-wp-bind--hidden=\"!state.hasPdfPreview\" hidden class=\"wp-block-file__embed\" data=\"http:\/\/www.afateresapamies.cat\/wordpress\/wp-content\/uploads\/2025\/06\/Annex-AFA-PSR_FCET10_25_26.pdf\" type=\"application\/pdf\" style=\"width:100%;height:580px\" aria-label=\"Incrustaci\u00f3 del fitxer Annex AFA PSR_FCET10_25_26.\"><\/object><a id=\"wp-block-file--media-dac3dd29-0c4f-4292-be4b-8871e5ddfabf\" href=\"http:\/\/www.afateresapamies.cat\/wordpress\/wp-content\/uploads\/2025\/06\/Annex-AFA-PSR_FCET10_25_26.pdf\">Annex AFA PSR_FCET10_25_26<\/a><a href=\"http:\/\/www.afateresapamies.cat\/wordpress\/wp-content\/uploads\/2025\/06\/Annex-AFA-PSR_FCET10_25_26.pdf\" class=\"wp-block-file__button wp-element-button\" download aria-describedby=\"wp-block-file--media-dac3dd29-0c4f-4292-be4b-8871e5ddfabf\">Baixa<\/a><\/div>\n\n\n\n<p><br>Per m\u00e9s informaci\u00f3 <a href=\"http:\/\/www.cet10.com\/\" target=\"_blank\" rel=\"noreferrer noopener\">www.cet10.com<\/a><br>Per a facilitar alguns dels processos d&#8217;inscripci\u00f3 teniu un <a href=\"http:\/\/www.afateresapamies.cat\/wordpress\/wp-content\/uploads\/2023\/09\/Tutorial-Registre-i-InscripciA\u00b3-Activitat.pdf\">tutorial<\/a> amb els processos que s&#8217;han de realitzar<br><\/p>\n\n\n\n<p><br><\/p>\n","protected":false},"excerpt":{"rendered":"<p>EXTRAESCOLARSTERESA P\u00c0MIES &#8211; MONTSERRAT ROIG &#8211; LA SEDETA Les AFA dels Instituts Teresa P\u00e0mies, Montserrat Roig i La Sedeta oferim de forma conjunta les activitats extraescolars de l&#8217;any vinent. Aquestes activitats es realitzaran als tres instituts i tamb\u00e9 fora (mireu cadascuna d&#8217;elles).&nbsp; Hem decidit fusionar la gesti\u00f3 per aconseguir que les nostres activitats arribin a [&hellip;]<\/p>\n","protected":false},"author":1,"featured_media":0,"parent":10,"menu_order":2,"comment_status":"closed","ping_status":"closed","template":"","meta":{"footnotes":""},"class_list":["post-373","page","type-page","status-publish","hentry"],"_links":{"self":[{"href":"http:\/\/www.afateresapamies.cat\/wordpress\/wp-json\/wp\/v2\/pages\/373","targetHints":{"allow":["GET"]}}],"collection":[{"href":"http:\/\/www.afateresapamies.cat\/wordpress\/wp-json\/wp\/v2\/pages"}],"about":[{"href":"http:\/\/www.afateresapamies.cat\/wordpress\/wp-json\/wp\/v2\/types\/page"}],"author":[{"embeddable":true,"href":"http:\/\/www.afateresapamies.cat\/wordpress\/wp-json\/wp\/v2\/users\/1"}],"replies":[{"embeddable":true,"href":"http:\/\/www.afateresapamies.cat\/wordpress\/wp-json\/wp\/v2\/comments?post=373"}],"version-history":[{"count":93,"href":"http:\/\/www.afateresapamies.cat\/wordpress\/wp-json\/wp\/v2\/pages\/373\/revisions"}],"predecessor-version":[{"id":1198,"href":"http:\/\/www.afateresapamies.cat\/wordpress\/wp-json\/wp\/v2\/pages\/373\/revisions\/1198"}],"up":[{"embeddable":true,"href":"http:\/\/www.afateresapamies.cat\/wordpress\/wp-json\/wp\/v2\/pages\/10"}],"wp:attachment":[{"href":"http:\/\/www.afateresapamies.cat\/wordpress\/wp-json\/wp\/v2\/media?parent=373"}],"curies":[{"name":"wp","href":"https:\/\/api.w.org\/{rel}","templated":true}]}}